{"id":1509,"date":"2021-11-12T10:46:56","date_gmt":"2021-11-12T09:46:56","guid":{"rendered":"https:\/\/yourvoice.com.pt\/politique-de-confidentialite\/"},"modified":"2021-11-12T10:46:58","modified_gmt":"2021-11-12T09:46:58","slug":"politique-de-confidentialite","status":"publish","type":"page","link":"https:\/\/yourvoice.com.pt\/fr\/politique-de-confidentialite\/","title":{"rendered":"Politique de Confidentialit\u00e9"},"content":{"rendered":"\t\t<div data-elementor-type=\"wp-page\" data-elementor-id=\"1509\" class=\"elementor elementor-1509 elementor-21\" data-elementor-settings=\"[]\">\n\t\t\t\t\t\t\t<div class=\"elementor-section-wrap\">\n\t\t\t\t\t\t\t<section class=\"elementor-section elementor-top-section elementor-element elementor-element-fea125f elementor-section-full_width elementor-section-height-min-height elementor-section-content-bottom elementor-section-height-default elementor-section-items-middle\" data-id=\"fea125f\" data-element_type=\"section\" data-settings=\"{&quot;background_background&quot;:&quot;classic&quot;}\">\n\t\t\t\t\t\t<div class=\"elementor-container elementor-column-gap-default\">\n\t\t\t\t\t<div class=\"elementor-column elementor-col-100 elementor-top-column elementor-element elementor-element-f8ffecf\" data-id=\"f8ffecf\" data-element_type=\"column\">\n\t\t\t<div class=\"elementor-widget-wrap elementor-element-populated\">\n\t\t\t\t\t\t\t\t<section class=\"elementor-section elementor-inner-section elementor-element elementor-element-f34c0b2 elementor-section-boxed elementor-section-height-default elementor-section-height-default\" data-id=\"f34c0b2\" data-element_type=\"section\">\n\t\t\t\t\t\t<div class=\"elementor-container elementor-column-gap-default\">\n\t\t\t\t\t<div class=\"elementor-column elementor-col-50 elementor-inner-column elementor-element elementor-element-7c0987a\" data-id=\"7c0987a\" data-element_type=\"column\">\n\t\t\t<div class=\"elementor-widget-wrap elementor-element-populated\">\n\t\t\t\t\t\t\t\t<div class=\"elementor-element elementor-element-f93b30b elementor-widget elementor-widget-heading\" data-id=\"f93b30b\" data-element_type=\"widget\" data-widget_type=\"heading.default\">\n\t\t\t\t<div class=\"elementor-widget-container\">\n\t\t\t<h1 class=\"elementor-heading-title elementor-size-default\">Politique de Confidentialit\u00e9<\/h1>\t\t<\/div>\n\t\t\t\t<\/div>\n\t\t\t\t\t<\/div>\n\t\t<\/div>\n\t\t\t\t<div class=\"elementor-column elementor-col-50 elementor-inner-column elementor-element elementor-element-58cbf88\" data-id=\"58cbf88\" data-element_type=\"column\">\n\t\t\t<div class=\"elementor-widget-wrap\">\n\t\t\t\t\t\t\t\t\t<\/div>\n\t\t<\/div>\n\t\t\t\t\t\t\t<\/div>\n\t\t<\/section>\n\t\t\t\t\t<\/div>\n\t\t<\/div>\n\t\t\t\t\t\t\t<\/div>\n\t\t<\/section>\n\t\t\t\t<section class=\"elementor-section elementor-top-section elementor-element elementor-element-3f1a2c7 elementor-section-height-min-height elementor-section-boxed elementor-section-height-default elementor-section-items-middle\" data-id=\"3f1a2c7\" data-element_type=\"section\">\n\t\t\t\t\t\t<div class=\"elementor-container elementor-column-gap-default\">\n\t\t\t\t\t<div class=\"elementor-column elementor-col-100 elementor-top-column elementor-element elementor-element-e5afecd\" data-id=\"e5afecd\" data-element_type=\"column\">\n\t\t\t<div class=\"elementor-widget-wrap elementor-element-populated\">\n\t\t\t\t\t\t\t\t<section class=\"elementor-section elementor-inner-section elementor-element elementor-element-9b4e231 elementor-section-boxed elementor-section-height-default elementor-section-height-default\" data-id=\"9b4e231\" data-element_type=\"section\">\n\t\t\t\t\t\t<div class=\"elementor-container elementor-column-gap-default\">\n\t\t\t\t\t<div class=\"elementor-column elementor-col-100 elementor-inner-column elementor-element elementor-element-27c402c\" data-id=\"27c402c\" data-element_type=\"column\">\n\t\t\t<div class=\"elementor-widget-wrap elementor-element-populated\">\n\t\t\t\t\t\t\t\t<div class=\"elementor-element elementor-element-f85fba2 elementor-widget elementor-widget-heading\" data-id=\"f85fba2\" data-element_type=\"widget\" data-widget_type=\"heading.default\">\n\t\t\t\t<div class=\"elementor-widget-container\">\n\t\t\t<h3 class=\"elementor-heading-title elementor-size-default\">Qui sommes-nous?<\/h3>\t\t<\/div>\n\t\t\t\t<\/div>\n\t\t\t\t<div class=\"elementor-element elementor-element-6d8fe32 elementor-widget elementor-widget-text-editor\" data-id=\"6d8fe32\" data-element_type=\"widget\" data-widget_type=\"text-editor.default\">\n\t\t\t\t<div class=\"elementor-widget-container\">\n\t\t\t\t\t\t\t\t<p>La YOURVOICE &#8211; Contact Solutions, Lda. (\u00ab\u00a0YOURVOICE\u00a0\u00bb), est une soci\u00e9t\u00e9 qui op\u00e8re dans le domaine des contact centers.<\/p>\n<\/p>\n<p class=\"texto_align\">YOURVOICE s&rsquo;engage \u00e0 prot\u00e9ger les donn\u00e9es personnelles de ses propri\u00e9taires dans toutes les situations dans lesquelles YOURVOICE traite ces donn\u00e9es et, dans ce contexte, a \u00e9labor\u00e9 la pr\u00e9sente Politique, qui a pour engagement sous-jacent de respecter les r\u00e8gles de protection des donn\u00e9es personnelles.<\/p>\n\t\t\t\t\t\t<\/div>\n\t\t\t\t<\/div>\n\t\t\t\t\t<\/div>\n\t\t<\/div>\n\t\t\t\t\t\t\t<\/div>\n\t\t<\/section>\n\t\t\t\t<section class=\"elementor-section elementor-inner-section elementor-element elementor-element-fe92fb7 elementor-section-boxed elementor-section-height-default elementor-section-height-default\" data-id=\"fe92fb7\" data-element_type=\"section\">\n\t\t\t\t\t\t<div class=\"elementor-container elementor-column-gap-default\">\n\t\t\t\t\t<div class=\"elementor-column elementor-col-100 elementor-inner-column elementor-element elementor-element-92b7d67\" data-id=\"92b7d67\" data-element_type=\"column\">\n\t\t\t<div class=\"elementor-widget-wrap elementor-element-populated\">\n\t\t\t\t\t\t\t\t<div class=\"elementor-element elementor-element-2afa84f elementor-widget elementor-widget-heading\" data-id=\"2afa84f\" data-element_type=\"widget\" data-widget_type=\"heading.default\">\n\t\t\t\t<div class=\"elementor-widget-container\">\n\t\t\t<h4 class=\"elementor-heading-title elementor-size-default\">Pourquoi cette politique de protection des donn\u00e9es personnelles?<\/h4>\t\t<\/div>\n\t\t\t\t<\/div>\n\t\t\t\t<div class=\"elementor-element elementor-element-d41ceb9 elementor-widget elementor-widget-text-editor\" data-id=\"d41ceb9\" data-element_type=\"widget\" data-widget_type=\"text-editor.default\">\n\t\t\t\t<div class=\"elementor-widget-container\">\n\t\t\t\t\t\t\t\t<p class=\"texto_align\">La pr\u00e9sente Politique vise \u00e0 se faire conna\u00eetre \u00e0 toutes les entit\u00e9s avec lesquelles nous avons une relation les r\u00e8gles g\u00e9n\u00e9rales de traitement des donn\u00e9es personnelles, qui sont collect\u00e9es et trait\u00e9es dans le strict respect et conformit\u00e9 des dispositions de la l\u00e9gislation sur la protection des donn\u00e9es personnelles en vigueur \u00e0 tout moment, \u00e0 savoir le R\u00e8glement (UE) 2016\/679 du Parlement europ\u00e9en et du Conseil du 27 avril 2016 (\u00a0\u00bb RGPD \u00ab\u00a0).<\/p>\n<\/p>\n<p class=\"texto_align\">YOURVOICE respecte les meilleures pratiques en mati\u00e8re de s\u00e9curit\u00e9 et de protection des donn\u00e9es personnelles et a pris \u00e0 cet effet les mesures techniques et organisatrices n\u00e9cessaires afin de se conformer au RGPD et de garantir que le traitement des donn\u00e9es personnelles est licite, loyal, transparent et limit\u00e9 aux finalit\u00e9s autoris\u00e9es.<\/p>\n<\/p>\n<p class=\"texto_align\">YOURVOICE s&rsquo;engage \u00e0 la protection et \u00e0 la confidentialit\u00e9 des donn\u00e9es personnelles, ayant adopt\u00e9 les mesures consid\u00e9r\u00e9es ad\u00e9quates pour assurer l&rsquo;exactitude, l&rsquo;int\u00e9grit\u00e9 et la confidentialit\u00e9 des donn\u00e9es personnelles, ainsi que tous les autres droits des propri\u00e9taires respectifs.<\/p>\n<p class=\"texto_align\">Les r\u00e8gles pr\u00e9vues dans cette Politique de Protection des Donn\u00e9es compl\u00e9mentent les dispositions, en mati\u00e8re de protection et traitement des donn\u00e9es personnelles, pr\u00e9vues dans les contrats c\u00e9l\u00e9br\u00e9s avec YOURVOICE.<\/p>\n\t\t\t\t\t\t<\/div>\n\t\t\t\t<\/div>\n\t\t\t\t\t<\/div>\n\t\t<\/div>\n\t\t\t\t\t\t\t<\/div>\n\t\t<\/section>\n\t\t\t\t<section class=\"elementor-section elementor-inner-section elementor-element elementor-element-b66a4b3 elementor-section-boxed elementor-section-height-default elementor-section-height-default\" data-id=\"b66a4b3\" data-element_type=\"section\">\n\t\t\t\t\t\t<div class=\"elementor-container elementor-column-gap-default\">\n\t\t\t\t\t<div class=\"elementor-column elementor-col-100 elementor-inner-column elementor-element elementor-element-6ab38eb\" data-id=\"6ab38eb\" data-element_type=\"column\">\n\t\t\t<div class=\"elementor-widget-wrap elementor-element-populated\">\n\t\t\t\t\t\t\t\t<div class=\"elementor-element elementor-element-0fe8b63 elementor-widget elementor-widget-heading\" data-id=\"0fe8b63\" data-element_type=\"widget\" data-widget_type=\"heading.default\">\n\t\t\t\t<div class=\"elementor-widget-container\">\n\t\t\t<h4 class=\"elementor-heading-title elementor-size-default\">Que contient cette politique de protection des donn\u00e9es?<\/h4>\t\t<\/div>\n\t\t\t\t<\/div>\n\t\t\t\t<div class=\"elementor-element elementor-element-09e2283 elementor-widget elementor-widget-text-editor\" data-id=\"09e2283\" data-element_type=\"widget\" data-widget_type=\"text-editor.default\">\n\t\t\t\t<div class=\"elementor-widget-container\">\n\t\t\t\t\t\t\t\t<p>Cette Politique de Protection des Donn\u00e9s s&rsquo;applique exclusivement \u00e0 la r\u00e9colte et traitement des donn\u00e9es personnelles pour lesquelles YOURVOICE est responsable du traitement respectif, dans le domaine des services fournis \u00e0 ses Clients et dans toutes les situations dans lesquelles le traitement des donn\u00e9es personnelles par YOURVOICE a lieu.<\/p>\n\t\t\t\t\t\t<\/div>\n\t\t\t\t<\/div>\n\t\t\t\t\t<\/div>\n\t\t<\/div>\n\t\t\t\t\t\t\t<\/div>\n\t\t<\/section>\n\t\t\t\t<section class=\"elementor-section elementor-inner-section elementor-element elementor-element-ab7de44 elementor-section-boxed elementor-section-height-default elementor-section-height-default\" data-id=\"ab7de44\" data-element_type=\"section\">\n\t\t\t\t\t\t<div class=\"elementor-container elementor-column-gap-default\">\n\t\t\t\t\t<div class=\"elementor-column elementor-col-100 elementor-inner-column elementor-element elementor-element-ed14d90\" data-id=\"ed14d90\" data-element_type=\"column\">\n\t\t\t<div class=\"elementor-widget-wrap elementor-element-populated\">\n\t\t\t\t\t\t\t\t<div class=\"elementor-element elementor-element-60de530 elementor-widget elementor-widget-heading\" data-id=\"60de530\" data-element_type=\"widget\" data-widget_type=\"heading.default\">\n\t\t\t\t<div class=\"elementor-widget-container\">\n\t\t\t<h4 class=\"elementor-heading-title elementor-size-default\">Que sont les donn\u00e9es personnelles?<\/h4>\t\t<\/div>\n\t\t\t\t<\/div>\n\t\t\t\t<div class=\"elementor-element elementor-element-f0dcb72 elementor-widget elementor-widget-text-editor\" data-id=\"f0dcb72\" data-element_type=\"widget\" data-widget_type=\"text-editor.default\">\n\t\t\t\t<div class=\"elementor-widget-container\">\n\t\t\t\t\t\t\t\t<p class=\"texto_align\">Les donn\u00e9es personnelles sont toute information, de quelque nature que ce soit et ind\u00e9pendamment de son support respectif, y compris le son et l&rsquo;image, concernant une seule personne identifi\u00e9e ou identifiable.<\/p>\n<\/p>\n<p class=\"texto_align\">On entend par une seule personne identifiable une personne qui peut \u00eatre identifi\u00e9e, directe ou indirectement, notamment par r\u00e9f\u00e9rence \u00e0 un nom, un num\u00e9ro d&rsquo;identification, des donn\u00e9es de localisation, des identifiants \u00e9lectroniques ou un ou plusieurs \u00e9l\u00e9ments sp\u00e9cifiques de son identit\u00e9 physique, physiologique, g\u00e9n\u00e9tique, mentale, \u00e9conomique, culturelle ou sociale.<\/p>\n\t\t\t\t\t\t<\/div>\n\t\t\t\t<\/div>\n\t\t\t\t\t<\/div>\n\t\t<\/div>\n\t\t\t\t\t\t\t<\/div>\n\t\t<\/section>\n\t\t\t\t<section class=\"elementor-section elementor-inner-section elementor-element elementor-element-0e03475 elementor-section-boxed elementor-section-height-default elementor-section-height-default\" data-id=\"0e03475\" data-element_type=\"section\">\n\t\t\t\t\t\t<div class=\"elementor-container elementor-column-gap-default\">\n\t\t\t\t\t<div class=\"elementor-column elementor-col-100 elementor-inner-column elementor-element elementor-element-22c702a\" data-id=\"22c702a\" data-element_type=\"column\">\n\t\t\t<div class=\"elementor-widget-wrap elementor-element-populated\">\n\t\t\t\t\t\t\t\t<div class=\"elementor-element elementor-element-e529d08 elementor-widget elementor-widget-heading\" data-id=\"e529d08\" data-element_type=\"widget\" data-widget_type=\"heading.default\">\n\t\t\t\t<div class=\"elementor-widget-container\">\n\t\t\t<h4 class=\"elementor-heading-title elementor-size-default\">Qu'est-ce qu'un traitement de donn\u00e9es \u00e0 caract\u00e8re personnel?<\/h4>\t\t<\/div>\n\t\t\t\t<\/div>\n\t\t\t\t<div class=\"elementor-element elementor-element-2a6cba6 elementor-widget elementor-widget-text-editor\" data-id=\"2a6cba6\" data-element_type=\"widget\" data-widget_type=\"text-editor.default\">\n\t\t\t\t<div class=\"elementor-widget-container\">\n\t\t\t\t\t\t\t\t<p>Le traitement de donn\u00e9s personnelles consiste en une op\u00e9ration ou un ensemble d&rsquo;op\u00e9rations effectu\u00e9es sur des donn\u00e9es personnelles ou des ensembles de donn\u00e9es personnelles, par des moyens automatis\u00e9s ou non, tels que la r\u00e9colte, l&rsquo;enregistrement, l&rsquo;organisation, la structuration, la conservation, l&rsquo;adaptation, la r\u00e9cup\u00e9ration, la consultation, l&rsquo;utilisation, la divulgation, la diffusion, la comparaison, l&rsquo;interconnexion, la limitation, l&rsquo;effacement ou la destruction.<\/p>\n\t\t\t\t\t\t<\/div>\n\t\t\t\t<\/div>\n\t\t\t\t\t<\/div>\n\t\t<\/div>\n\t\t\t\t\t\t\t<\/div>\n\t\t<\/section>\n\t\t\t\t<section class=\"elementor-section elementor-inner-section elementor-element elementor-element-3802957 elementor-section-boxed elementor-section-height-default elementor-section-height-default\" data-id=\"3802957\" data-element_type=\"section\">\n\t\t\t\t\t\t<div class=\"elementor-container elementor-column-gap-default\">\n\t\t\t\t\t<div class=\"elementor-column elementor-col-100 elementor-inner-column elementor-element elementor-element-cd886d2\" data-id=\"cd886d2\" data-element_type=\"column\">\n\t\t\t<div class=\"elementor-widget-wrap elementor-element-populated\">\n\t\t\t\t\t\t\t\t<div class=\"elementor-element elementor-element-5b719a4 elementor-widget elementor-widget-heading\" data-id=\"5b719a4\" data-element_type=\"widget\" data-widget_type=\"heading.default\">\n\t\t\t\t<div class=\"elementor-widget-container\">\n\t\t\t<h4 class=\"elementor-heading-title elementor-size-default\">Qui est responsable du traitement des donn\u00e9es?<\/h4>\t\t<\/div>\n\t\t\t\t<\/div>\n\t\t\t\t<div class=\"elementor-element elementor-element-1ea0218 elementor-widget elementor-widget-text-editor\" data-id=\"1ea0218\" data-element_type=\"widget\" data-widget_type=\"text-editor.default\">\n\t\t\t\t<div class=\"elementor-widget-container\">\n\t\t\t\t\t\t\t\t<p class=\"texto_align\">L&rsquo;entit\u00e9 responsable du traitement des donn\u00e9es personnelles est YOURVOICE.<\/p>\n<p class=\"texto_align\">\u00c0 cette fin, si le titulaire des donn\u00e9es personnelles a besoin de contacter le responsable du traitement des donn\u00e9es, il peut le faire par les moyens et les contacts indiqu\u00e9s ci-dessous:<\/p>\n<p class=\"texto_align\">Par e-mail \u00e0 l&rsquo;adresse: <a href=\"mailto:rpd@yourvoice.com.pt\">rpd@yourvoice.com.pt<\/a>;<\/p>\n<p class=\"texto_align\">Par communication \u00e9crite adress\u00e9e au responsable du traitement des donn\u00e9es, \u00e0 l&rsquo;adresse suivante : Av. Duque de Loul\u00e9, 106 &#8211; Piso 4, 1050-093 Lisboa.<\/p>\n\t\t\t\t\t\t<\/div>\n\t\t\t\t<\/div>\n\t\t\t\t\t<\/div>\n\t\t<\/div>\n\t\t\t\t\t\t\t<\/div>\n\t\t<\/section>\n\t\t\t\t<section class=\"elementor-section elementor-inner-section elementor-element elementor-element-e54c57d elementor-section-boxed elementor-section-height-default elementor-section-height-default\" data-id=\"e54c57d\" data-element_type=\"section\">\n\t\t\t\t\t\t<div class=\"elementor-container elementor-column-gap-default\">\n\t\t\t\t\t<div class=\"elementor-column elementor-col-100 elementor-inner-column elementor-element elementor-element-142e587\" data-id=\"142e587\" data-element_type=\"column\">\n\t\t\t<div class=\"elementor-widget-wrap elementor-element-populated\">\n\t\t\t\t\t\t\t\t<div class=\"elementor-element elementor-element-18caabf elementor-widget elementor-widget-heading\" data-id=\"18caabf\" data-element_type=\"widget\" data-widget_type=\"heading.default\">\n\t\t\t\t<div class=\"elementor-widget-container\">\n\t\t\t<h4 class=\"elementor-heading-title elementor-size-default\">Qui est le d\u00e9l\u00e9gu\u00e9 \u00e0 la protection des donn\u00e9es?<\/h4>\t\t<\/div>\n\t\t\t\t<\/div>\n\t\t\t\t<div class=\"elementor-element elementor-element-3ad8c4a elementor-widget elementor-widget-text-editor\" data-id=\"3ad8c4a\" data-element_type=\"widget\" data-widget_type=\"text-editor.default\">\n\t\t\t\t<div class=\"elementor-widget-container\">\n\t\t\t\t\t\t\t\t<p class=\"texto_align\">Le d\u00e9l\u00e9gu\u00e9 \u00e0 la protection des donn\u00e9es joue un r\u00f4le important dans le traitement des donn\u00e9es personnelles, en garantissant, entre autres choses, la conformit\u00e9 du traitement des donn\u00e9es avec la l\u00e9gislation en vigueur, en v\u00e9rifiant l&rsquo;accomplissement de la pr\u00e9sente Politique de Protection des Donn\u00e9es et en d\u00e9finissant des r\u00e8gles claires pour le traitement des donn\u00e9es personnelles, en assurant que tous ceux qui lui confient le traitement de leurs donn\u00e9es personnelles sont conscients de la mani\u00e8re dont YOURVOICE les traite et de leurs droits en la mati\u00e8re.<\/p>\n<\/p>\n<p class=\"texto_align\">Ainsi, les propri\u00e9taires de donn\u00e9es personnelles peuvent, s&rsquo;ils le souhaitent, envoyer une communication au D\u00e9l\u00e9gu\u00e9 \u00e0 la Protection des Donn\u00e9es concernant des questions relatives au traitement des donn\u00e9es personnelles, en utilisant le contact suivant: <a href=\"_wp_link_placeholder\" data-wplink-edit=\"true\">rpd@yourvoice.com.pt<\/a><\/p>\n\t\t\t\t\t\t<\/div>\n\t\t\t\t<\/div>\n\t\t\t\t\t<\/div>\n\t\t<\/div>\n\t\t\t\t\t\t\t<\/div>\n\t\t<\/section>\n\t\t\t\t<section class=\"elementor-section elementor-inner-section elementor-element elementor-element-2da413d elementor-section-boxed elementor-section-height-default elementor-section-height-default\" data-id=\"2da413d\" data-element_type=\"section\">\n\t\t\t\t\t\t<div class=\"elementor-container elementor-column-gap-default\">\n\t\t\t\t\t<div class=\"elementor-column elementor-col-100 elementor-inner-column elementor-element elementor-element-ab89289\" data-id=\"ab89289\" data-element_type=\"column\">\n\t\t\t<div class=\"elementor-widget-wrap elementor-element-populated\">\n\t\t\t\t\t\t\t\t<div class=\"elementor-element elementor-element-16c219e elementor-widget elementor-widget-heading\" data-id=\"16c219e\" data-element_type=\"widget\" data-widget_type=\"heading.default\">\n\t\t\t\t<div class=\"elementor-widget-container\">\n\t\t\t<h4 class=\"elementor-heading-title elementor-size-default\">Quels types de donn\u00e9es personnelles sont trait\u00e9s?<\/h4>\t\t<\/div>\n\t\t\t\t<\/div>\n\t\t\t\t<div class=\"elementor-element elementor-element-b27a6d6 elementor-widget elementor-widget-text-editor\" data-id=\"b27a6d6\" data-element_type=\"widget\" data-widget_type=\"text-editor.default\">\n\t\t\t\t<div class=\"elementor-widget-container\">\n\t\t\t\t\t\t\t\t<p class=\"texto_align\">La YOURVOICE, dans le cadre des activit\u00e9s qu&rsquo;elle d\u00e9veloppe, proc\u00e8de au traitement des donn\u00e9es personnelles n\u00e9cessaires \u00e0 la prestation des services, en traitant des donn\u00e9es telles que le nom, l&rsquo;adresse, le num\u00e9ro de t\u00e9l\u00e9phone et l&rsquo;adresse e-mail, selon l&rsquo;information plus d\u00e9taill\u00e9e apport\u00e9e aux titulaires des donn\u00e9es personnelles.<\/p>\n<\/p>\n<p class=\"texto_align\">S&rsquo;il existe un consentement pr\u00e9alable du titulaire des donn\u00e9es personnelles, celui-ci peut \u00eatre retir\u00e9 \u00e0 tout moment, sans toutefois que la lic\u00e9it\u00e9 du traitement effectu\u00e9 sur la base du consentement pr\u00e9c\u00e9demment donn\u00e9 soit compromise.<\/p>\n\t\t\t\t\t\t<\/div>\n\t\t\t\t<\/div>\n\t\t\t\t\t<\/div>\n\t\t<\/div>\n\t\t\t\t\t\t\t<\/div>\n\t\t<\/section>\n\t\t\t\t<section class=\"elementor-section elementor-inner-section elementor-element elementor-element-a7ac61a elementor-section-boxed elementor-section-height-default elementor-section-height-default\" data-id=\"a7ac61a\" data-element_type=\"section\">\n\t\t\t\t\t\t<div class=\"elementor-container elementor-column-gap-default\">\n\t\t\t\t\t<div class=\"elementor-column elementor-col-100 elementor-inner-column elementor-element elementor-element-fe92600\" data-id=\"fe92600\" data-element_type=\"column\">\n\t\t\t<div class=\"elementor-widget-wrap elementor-element-populated\">\n\t\t\t\t\t\t\t\t<div class=\"elementor-element elementor-element-7c55d90 elementor-widget elementor-widget-heading\" data-id=\"7c55d90\" data-element_type=\"widget\" data-widget_type=\"heading.default\">\n\t\t\t\t<div class=\"elementor-widget-container\">\n\t\t\t<h4 class=\"elementor-heading-title elementor-size-default\">Quand et comment recueillons-nous vos donn\u00e9es personnelles?<\/h4>\t\t<\/div>\n\t\t\t\t<\/div>\n\t\t\t\t<div class=\"elementor-element elementor-element-77f2e78 elementor-widget elementor-widget-text-editor\" data-id=\"77f2e78\" data-element_type=\"widget\" data-widget_type=\"text-editor.default\">\n\t\t\t\t<div class=\"elementor-widget-container\">\n\t\t\t\t\t\t\t\t<p class=\"texto_align\">YOURVOICE recueille vos donn\u00e9es personnelles par t\u00e9l\u00e9phone et par \u00e9crit, en garantissant, chaque fois que n\u00e9cessaire, le consentement pr\u00e9alable du titulaire des donn\u00e9es personnelles.<\/p>\n<\/p>\n<p class=\"texto_align\">Certaines donn\u00e9es personnelles sont indispensables \u00e0 la prestation de certains services et, si elles sont manquantes ou insuffisantes, YOURVOICE ne sera pas en mesure de garantir le service en question.<\/p>\n<\/p>\n<p class=\"texto_align\">Les donn\u00e9es personnelles recueillies pourront \u00eatre trait\u00e9es par ordinateur de mani\u00e8re automatis\u00e9e ou non, en garantissant dans tous les cas le strict respect de la l\u00e9gislation de protection des donn\u00e9es personnelles, en \u00e9tant archiv\u00e9es dans des bases de donn\u00e9es sp\u00e9cifiques cr\u00e9\u00e9es \u00e0 cet effet et, en aucun cas, les donn\u00e9es recueillies se seront utilis\u00e9es \u00e0 des fins autres que celles pour lesquelles elles ont \u00e9t\u00e9 recueillies ou le consentement du titulaire des donn\u00e9es a \u00e9t\u00e9 fourni.<\/p>\n\t\t\t\t\t\t<\/div>\n\t\t\t\t<\/div>\n\t\t\t\t\t<\/div>\n\t\t<\/div>\n\t\t\t\t\t\t\t<\/div>\n\t\t<\/section>\n\t\t\t\t<section class=\"elementor-section elementor-inner-section elementor-element elementor-element-fa12f59 elementor-section-boxed elementor-section-height-default elementor-section-height-default\" data-id=\"fa12f59\" data-element_type=\"section\">\n\t\t\t\t\t\t<div class=\"elementor-container elementor-column-gap-default\">\n\t\t\t\t\t<div class=\"elementor-column elementor-col-100 elementor-inner-column elementor-element elementor-element-429c2bc\" data-id=\"429c2bc\" data-element_type=\"column\">\n\t\t\t<div class=\"elementor-widget-wrap elementor-element-populated\">\n\t\t\t\t\t\t\t\t<div class=\"elementor-element elementor-element-83f37b2 elementor-widget elementor-widget-heading\" data-id=\"83f37b2\" data-element_type=\"widget\" data-widget_type=\"heading.default\">\n\t\t\t\t<div class=\"elementor-widget-container\">\n\t\t\t<h4 class=\"elementor-heading-title elementor-size-default\">Qui sont les destinataires des donn\u00e9es personnelles?<\/h4>\t\t<\/div>\n\t\t\t\t<\/div>\n\t\t\t\t<div class=\"elementor-element elementor-element-63d84d8 elementor-widget elementor-widget-text-editor\" data-id=\"63d84d8\" data-element_type=\"widget\" data-widget_type=\"text-editor.default\">\n\t\t\t\t<div class=\"elementor-widget-container\">\n\t\t\t\t\t\t\t\t<p>Sans pr\u00e9judice des destinataires indiqu\u00e9s dans la pr\u00e9sente Politique de Protection des Donn\u00e9es, YOURVOICE peut communiquer les donn\u00e9es personnelles recueillies aux fins de respecter les obligations l\u00e9gales, notamment aux entit\u00e9s polici\u00e8res, judiciaires, fiscales et r\u00e9glementaires.<\/p>\n\t\t\t\t\t\t<\/div>\n\t\t\t\t<\/div>\n\t\t\t\t\t<\/div>\n\t\t<\/div>\n\t\t\t\t\t\t\t<\/div>\n\t\t<\/section>\n\t\t\t\t<section class=\"elementor-section elementor-inner-section elementor-element elementor-element-bde69e2 elementor-section-boxed elementor-section-height-default elementor-section-height-default\" data-id=\"bde69e2\" data-element_type=\"section\">\n\t\t\t\t\t\t<div class=\"elementor-container elementor-column-gap-default\">\n\t\t\t\t\t<div class=\"elementor-column elementor-col-100 elementor-inner-column elementor-element elementor-element-9852ad3\" data-id=\"9852ad3\" data-element_type=\"column\">\n\t\t\t<div class=\"elementor-widget-wrap elementor-element-populated\">\n\t\t\t\t\t\t\t\t<div class=\"elementor-element elementor-element-f5a14b2 elementor-widget elementor-widget-heading\" data-id=\"f5a14b2\" data-element_type=\"widget\" data-widget_type=\"heading.default\">\n\t\t\t\t<div class=\"elementor-widget-container\">\n\t\t\t<h4 class=\"elementor-heading-title elementor-size-default\">Quelles sont les finalit\u00e9s du traitement des donn\u00e9es personnelles et les fondements juridiques respectifs?<\/h4>\t\t<\/div>\n\t\t\t\t<\/div>\n\t\t\t\t<div class=\"elementor-element elementor-element-b5426c1 elementor-widget elementor-widget-text-editor\" data-id=\"b5426c1\" data-element_type=\"widget\" data-widget_type=\"text-editor.default\">\n\t\t\t\t<div class=\"elementor-widget-container\">\n\t\t\t\t\t\t\t\t<\/p>\n<p class=\"texto_align\">En g\u00e9n\u00e9ral, les donn\u00e9es personnelles recueillies sont fond\u00e9es et destin\u00e9es \u00e0 la gestion de la relation contractuelle et \u00e0 la fourniture des services contractuels.<\/p>\n<\/p>\n<p class=\"texto_align\">De plus, les donn\u00e9es \u00e0 caract\u00e8re personnel peuvent \u00e9galement \u00eatre trait\u00e9es aux fins du respect des obligations l\u00e9gales.<\/p>\n\t\t\t\t\t\t<\/div>\n\t\t\t\t<\/div>\n\t\t\t\t\t<\/div>\n\t\t<\/div>\n\t\t\t\t\t\t\t<\/div>\n\t\t<\/section>\n\t\t\t\t<section class=\"elementor-section elementor-inner-section elementor-element elementor-element-e84750b elementor-section-boxed elementor-section-height-default elementor-section-height-default\" data-id=\"e84750b\" data-element_type=\"section\">\n\t\t\t\t\t\t<div class=\"elementor-container elementor-column-gap-default\">\n\t\t\t\t\t<div class=\"elementor-column elementor-col-100 elementor-inner-column elementor-element elementor-element-df4c672\" data-id=\"df4c672\" data-element_type=\"column\">\n\t\t\t<div class=\"elementor-widget-wrap elementor-element-populated\">\n\t\t\t\t\t\t\t\t<div class=\"elementor-element elementor-element-54f807c elementor-widget elementor-widget-heading\" data-id=\"54f807c\" data-element_type=\"widget\" data-widget_type=\"heading.default\">\n\t\t\t\t<div class=\"elementor-widget-container\">\n\t\t\t<h4 class=\"elementor-heading-title elementor-size-default\">Combien de temps conservons-nous vos donn\u00e9es personnelles?<\/h4>\t\t<\/div>\n\t\t\t\t<\/div>\n\t\t\t\t<div class=\"elementor-element elementor-element-ece9ea4 elementor-widget elementor-widget-text-editor\" data-id=\"ece9ea4\" data-element_type=\"widget\" data-widget_type=\"text-editor.default\">\n\t\t\t\t<div class=\"elementor-widget-container\">\n\t\t\t\t\t\t\t\t<p class=\"texto_align\">La p\u00e9riode pendant laquelle les donn\u00e9es personnelles sont archiv\u00e9es et conserv\u00e9es varie en fonction de la finalit\u00e9 pour laquelle les informations sont trait\u00e9es.<\/p>\n<\/p>\n<p class=\"texto_align\">En fait, il existe des exigences l\u00e9gales qui nous obligent \u00e0 conserver les donn\u00e9es pendant une p\u00e9riode minimale. Ainsi, et chaque fois qu&rsquo;il n&rsquo;existe pas d&rsquo;exigence l\u00e9gale sp\u00e9cifique, les donn\u00e9es seront archiv\u00e9es et conserv\u00e9es uniquement pendant la p\u00e9riode minimale n\u00e9cessaire \u00e0 la poursuite des objectifs qui ont motiv\u00e9 leur collecte ou leur traitement ult\u00e9rieur, dans les conditions d\u00e9finies par la loi.<\/p>\n\t\t\t\t\t\t<\/div>\n\t\t\t\t<\/div>\n\t\t\t\t\t<\/div>\n\t\t<\/div>\n\t\t\t\t\t\t\t<\/div>\n\t\t<\/section>\n\t\t\t\t<section class=\"elementor-section elementor-inner-section elementor-element elementor-element-64ad654 elementor-section-boxed elementor-section-height-default elementor-section-height-default\" data-id=\"64ad654\" data-element_type=\"section\">\n\t\t\t\t\t\t<div class=\"elementor-container elementor-column-gap-default\">\n\t\t\t\t\t<div class=\"elementor-column elementor-col-100 elementor-inner-column elementor-element elementor-element-9355639\" data-id=\"9355639\" data-element_type=\"column\">\n\t\t\t<div class=\"elementor-widget-wrap elementor-element-populated\">\n\t\t\t\t\t\t\t\t<div class=\"elementor-element elementor-element-8f51a3a elementor-widget elementor-widget-heading\" data-id=\"8f51a3a\" data-element_type=\"widget\" data-widget_type=\"heading.default\">\n\t\t\t\t<div class=\"elementor-widget-container\">\n\t\t\t<h4 class=\"elementor-heading-title elementor-size-default\">Quels sont vos droits en tant que titulaire de donn\u00e9es?<\/h4>\t\t<\/div>\n\t\t\t\t<\/div>\n\t\t\t\t<div class=\"elementor-element elementor-element-59b8874 elementor-widget elementor-widget-text-editor\" data-id=\"59b8874\" data-element_type=\"widget\" data-widget_type=\"text-editor.default\">\n\t\t\t\t<div class=\"elementor-widget-container\">\n\t\t\t\t\t\t\t\t<p>En tant que titulaires des donn\u00e9es personnelles, on garantit aux intervenants, \u00e0 tout moment, le droit d&rsquo;acc\u00e8s, de rectification, d&rsquo;actualisation, de limitation et d&rsquo;effacement de leurs donn\u00e9es personnelles (\u00e0 l&rsquo;exception des donn\u00e9es indispensables pour la prestation des services par YOURVOICE, d\u00fbment identifi\u00e9es comme \u00e9tant de fourniture obligatoire ou pour l&rsquo;accomplissement d&rsquo;obligations l\u00e9gales auxquelles le responsable du traitement est soumis), le droit de s&rsquo;opposer \u00e0 l&rsquo;utilisation de celles-ci par YOURVOICE et de retirer le consentement, sans que cela ne compromette la lic\u00e9it\u00e9 du traitement effectu\u00e9 aux termes de ce consentement.<\/p>\n\t\t\t\t\t\t<\/div>\n\t\t\t\t<\/div>\n\t\t\t\t\t<\/div>\n\t\t<\/div>\n\t\t\t\t\t\t\t<\/div>\n\t\t<\/section>\n\t\t\t\t<section class=\"elementor-section elementor-inner-section elementor-element elementor-element-4a4adda elementor-section-boxed elementor-section-height-default elementor-section-height-default\" data-id=\"4a4adda\" data-element_type=\"section\">\n\t\t\t\t\t\t<div class=\"elementor-container elementor-column-gap-default\">\n\t\t\t\t\t<div class=\"elementor-column elementor-col-100 elementor-inner-column elementor-element elementor-element-6ffc49a\" data-id=\"6ffc49a\" data-element_type=\"column\">\n\t\t\t<div class=\"elementor-widget-wrap elementor-element-populated\">\n\t\t\t\t\t\t\t\t<div class=\"elementor-element elementor-element-91913df elementor-widget elementor-widget-heading\" data-id=\"91913df\" data-element_type=\"widget\" data-widget_type=\"heading.default\">\n\t\t\t\t<div class=\"elementor-widget-container\">\n\t\t\t<h4 class=\"elementor-heading-title elementor-size-default\">Comment pouvez-vous acc\u00e9der, rectifier, actualiser, limiter, effacer, vous opposer au traitement de vos donn\u00e9es personnelles, ou retirer votre consentement?<\/h4>\t\t<\/div>\n\t\t\t\t<\/div>\n\t\t\t\t<div class=\"elementor-element elementor-element-4676db6 elementor-widget elementor-widget-text-editor\" data-id=\"4676db6\" data-element_type=\"widget\" data-widget_type=\"text-editor.default\">\n\t\t\t\t<div class=\"elementor-widget-container\">\n\t\t\t\t\t\t\t\t<p>Sans pr\u00e9judice de ce qui est stipul\u00e9 dans le RGPD, le titulaire des donn\u00e9es personnelles peut le faire, directement ou par demande \u00e9crite, adress\u00e9e au Responsable respectif du traitement, \u00e0 travers les contacts mis \u00e0 disposition \u00e0 cet effet dans ce document, ainsi que d&rsquo;autres contacts mis \u00e0 disposition par YOURVOICE.<\/p>\n\t\t\t\t\t\t<\/div>\n\t\t\t\t<\/div>\n\t\t\t\t\t<\/div>\n\t\t<\/div>\n\t\t\t\t\t\t\t<\/div>\n\t\t<\/section>\n\t\t\t\t<section class=\"elementor-section elementor-inner-section elementor-element elementor-element-cd4732d elementor-section-boxed elementor-section-height-default elementor-section-height-default\" data-id=\"cd4732d\" data-element_type=\"section\">\n\t\t\t\t\t\t<div class=\"elementor-container elementor-column-gap-default\">\n\t\t\t\t\t<div class=\"elementor-column elementor-col-100 elementor-inner-column elementor-element elementor-element-e49589b\" data-id=\"e49589b\" data-element_type=\"column\">\n\t\t\t<div class=\"elementor-widget-wrap elementor-element-populated\">\n\t\t\t\t\t\t\t\t<div class=\"elementor-element elementor-element-61e8d5d elementor-widget elementor-widget-heading\" data-id=\"61e8d5d\" data-element_type=\"widget\" data-widget_type=\"heading.default\">\n\t\t\t\t<div class=\"elementor-widget-container\">\n\t\t\t<h4 class=\"elementor-heading-title elementor-size-default\">Comment se plaindre?<\/h4>\t\t<\/div>\n\t\t\t\t<\/div>\n\t\t\t\t<div class=\"elementor-element elementor-element-5df87cd elementor-widget elementor-widget-text-editor\" data-id=\"5df87cd\" data-element_type=\"widget\" data-widget_type=\"text-editor.default\">\n\t\t\t\t<div class=\"elementor-widget-container\">\n\t\t\t\t\t\t\t\t<p>Sans pr\u00e9judice de la possibilit\u00e9 de pr\u00e9senter des plaintes directement \u00e0 YOURVOICE, \u00e0 travers les contacts fournis \u00e0 cet effet, l&rsquo;int\u00e9ress\u00e9 pourra se plaindre directement \u00e0 l&rsquo;Autorit\u00e9 de Contr\u00f4le, qui est la Commission Nationale de Protection des Donn\u00e9es (CNPD), en utilisant les contacts fournis par cette entit\u00e9 \u00e0 cet effet.<\/p>\n\t\t\t\t\t\t<\/div>\n\t\t\t\t<\/div>\n\t\t\t\t\t<\/div>\n\t\t<\/div>\n\t\t\t\t\t\t\t<\/div>\n\t\t<\/section>\n\t\t\t\t<section class=\"elementor-section elementor-inner-section elementor-element elementor-element-b687d2f elementor-section-boxed elementor-section-height-default elementor-section-height-default\" data-id=\"b687d2f\" data-element_type=\"section\">\n\t\t\t\t\t\t<div class=\"elementor-container elementor-column-gap-default\">\n\t\t\t\t\t<div class=\"elementor-column elementor-col-100 elementor-inner-column elementor-element elementor-element-6a10712\" data-id=\"6a10712\" data-element_type=\"column\">\n\t\t\t<div class=\"elementor-widget-wrap elementor-element-populated\">\n\t\t\t\t\t\t\t\t<div class=\"elementor-element elementor-element-2c80674 elementor-widget elementor-widget-heading\" data-id=\"2c80674\" data-element_type=\"widget\" data-widget_type=\"heading.default\">\n\t\t\t\t<div class=\"elementor-widget-container\">\n\t\t\t<h4 class=\"elementor-heading-title elementor-size-default\">Quelles sont les mesures adopt\u00e9es par yourvoice pour assurer la s\u00e9curit\u00e9 de vos donn\u00e9es personnelles?<\/h4>\t\t<\/div>\n\t\t\t\t<\/div>\n\t\t\t\t<div class=\"elementor-element elementor-element-5cced4e elementor-widget elementor-widget-text-editor\" data-id=\"5cced4e\" data-element_type=\"widget\" data-widget_type=\"text-editor.default\">\n\t\t\t\t<div class=\"elementor-widget-container\">\n\t\t\t\t\t\t\t\t<p class=\"texto_align\">YOURVOICE assume le compromis de garantir la protection de la s\u00e9curit\u00e9 des donn\u00e9es personnelles mises \u00e0 sa disposition, ayant approuv\u00e9 et mis en \u0153uvre des r\u00e8gles strictes en cette mati\u00e8re. Le respect de ces r\u00e8gles constitue une obligation pour tous ceux qui y ont l\u00e9galement acc\u00e8s.<\/p>\n<\/p>\n<p class=\"texto_align\">Compte tenu de la pr\u00e9occupation et de l&rsquo;engagement que YOURVOICE r\u00e9v\u00e8le dans la d\u00e9fense des donn\u00e9es personnelles, plusieurs mesures de s\u00e9curit\u00e9 ont \u00e9t\u00e9 adopt\u00e9es, de caract\u00e8re technique et organisationnel, afin de prot\u00e9ger les donn\u00e9es personnelles fournies contre leur diffusion, perte, utilisation inappropri\u00e9e, alt\u00e9ration, traitement ou acc\u00e8s non autoris\u00e9, ainsi que contre toute autre forme de traitement illicite.<\/p>\n<\/p>\n<p class=\"texto_align\">De cette fa\u00e7on, tous les formulaires de recueil de donn\u00e9es personnelles exigent des sessions crypt\u00e9es et toutes les donn\u00e9es personnelles fournies sont gard\u00e9es de fa\u00e7on s\u00e9curis\u00e9e dans les syst\u00e8mes de YOURVOICE, lesquels sont situ\u00e9s dans un Data Center, sous le couvert de toutes les mesures de s\u00e9curit\u00e9 physiques et logiques que YOURVOICE a consid\u00e9r\u00e9es comme indispensables pour la protection des donn\u00e9es personnelles.<\/p>\n\t\t\t\t\t\t<\/div>\n\t\t\t\t<\/div>\n\t\t\t\t\t<\/div>\n\t\t<\/div>\n\t\t\t\t\t\t\t<\/div>\n\t\t<\/section>\n\t\t\t\t<section class=\"elementor-section elementor-inner-section elementor-element elementor-element-5e8caac elementor-section-boxed elementor-section-height-default elementor-section-height-default\" data-id=\"5e8caac\" data-element_type=\"section\">\n\t\t\t\t\t\t<div class=\"elementor-container elementor-column-gap-default\">\n\t\t\t\t\t<div class=\"elementor-column elementor-col-100 elementor-inner-column elementor-element elementor-element-89bae85\" data-id=\"89bae85\" data-element_type=\"column\">\n\t\t\t<div class=\"elementor-widget-wrap elementor-element-populated\">\n\t\t\t\t\t\t\t\t<div class=\"elementor-element elementor-element-b40bfe5 elementor-widget elementor-widget-heading\" data-id=\"b40bfe5\" data-element_type=\"widget\" data-widget_type=\"heading.default\">\n\t\t\t\t<div class=\"elementor-widget-container\">\n\t\t\t<h4 class=\"elementor-heading-title elementor-size-default\">Dans quelles circonstances y a-t-il communication de donn\u00e9es \u00e0 d'autres entit\u00e9s (tiers et sous-contractants)?<\/h4>\t\t<\/div>\n\t\t\t\t<\/div>\n\t\t\t\t<div class=\"elementor-element elementor-element-e66ceab elementor-widget elementor-widget-text-editor\" data-id=\"e66ceab\" data-element_type=\"widget\" data-widget_type=\"text-editor.default\">\n\t\t\t\t<div class=\"elementor-widget-container\">\n\t\t\t\t\t\t\t\t<p class=\"texto_align\">YOURVOICE, dans le cadre de son activit\u00e9, peut faire appel \u00e0 de tiers pour rendre certains services. Parfois, la prestation de ces services implique l&rsquo;acc\u00e8s, par ces entit\u00e9s, aux donn\u00e9es personnelles des titulaires respectifs. Lorsque cela se passe, YOURVOICE prend les mesures ad\u00e9quates, afin de s&rsquo;assurer que les entit\u00e9s qui ont acc\u00e8s aux donn\u00e9es sont r\u00e9put\u00e9es et offrent les plus hautes garanties \u00e0 ce niveau, ce qui est d\u00fbment consacr\u00e9 et pr\u00e9vu dans le contrat entre YOURVOICE et le(s) tiers.<\/p>\n<\/p>\n<p class=\"texto_align\">Ainsi, toute partie sous-contract\u00e9e par YOURVOICE traitera les donn\u00e9es personnelles au nom et pour compte de YOURVOICE et adoptera les mesures techniques et organisationnelles n\u00e9cessaires pour prot\u00e9ger les donn\u00e9es personnelles contre la destruction accidentelle ou illicite, la perte accidentelle, l&rsquo;alt\u00e9ration, la diffusion ou l&rsquo;acc\u00e8s non autoris\u00e9 et contre toute autre forme illicite de traitement.<\/p>\n<\/p>\n<p class=\"texto_align\">Dans tous ces cas, YOURVOICE reste responsable des donn\u00e9es personnelles qui lui sont fournies.<\/p>\n\t\t\t\t\t\t<\/div>\n\t\t\t\t<\/div>\n\t\t\t\t\t<\/div>\n\t\t<\/div>\n\t\t\t\t\t\t\t<\/div>\n\t\t<\/section>\n\t\t\t\t<section class=\"elementor-section elementor-inner-section elementor-element elementor-element-2bdb1c1 elementor-section-boxed elementor-section-height-default elementor-section-height-default\" data-id=\"2bdb1c1\" data-element_type=\"section\">\n\t\t\t\t\t\t<div class=\"elementor-container elementor-column-gap-default\">\n\t\t\t\t\t<div class=\"elementor-column elementor-col-100 elementor-inner-column elementor-element elementor-element-d5a02b0\" data-id=\"d5a02b0\" data-element_type=\"column\">\n\t\t\t<div class=\"elementor-widget-wrap elementor-element-populated\">\n\t\t\t\t\t\t\t\t<div class=\"elementor-element elementor-element-a563dcc elementor-widget elementor-widget-heading\" data-id=\"a563dcc\" data-element_type=\"widget\" data-widget_type=\"heading.default\">\n\t\t\t\t<div class=\"elementor-widget-container\">\n\t\t\t<h4 class=\"elementor-heading-title elementor-size-default\">Dans quelles circonstances transf\u00e9rons-nous vos donn\u00e9es personnelles? <\/h4>\t\t<\/div>\n\t\t\t\t<\/div>\n\t\t\t\t<div class=\"elementor-element elementor-element-53fa6da elementor-widget elementor-widget-text-editor\" data-id=\"53fa6da\" data-element_type=\"widget\" data-widget_type=\"text-editor.default\">\n\t\t\t\t<div class=\"elementor-widget-container\">\n\t\t\t\t\t\t\t\t<p class=\"texto_align\">La prestation de certains services par YOURVOICE peut impliquer le transfert de vos donn\u00e9es en dehors du Portugal, mais toujours au sein de l&rsquo;Union Europ\u00e9enne.<\/p>\n<\/p>\n<p class=\"texto_align\">Dans ce cas, YOURVOICE se conformera strictement aux dispositions l\u00e9gales applicables, notamment en ce qui concerne la d\u00e9termination de l&rsquo;ad\u00e9quation du ou des pays de destination en mati\u00e8re de protection des donn\u00e9es personnelles et des exigences applicables \u00e0 ces transferts, y compris, le cas \u00e9ch\u00e9ant, la c\u00e9l\u00e9bration d&rsquo;instruments contractuels ad\u00e9quats qui garantissent et respectent les exigences l\u00e9gales en vigueur.<\/p>\n\t\t\t\t\t\t<\/div>\n\t\t\t\t<\/div>\n\t\t\t\t\t<\/div>\n\t\t<\/div>\n\t\t\t\t\t\t\t<\/div>\n\t\t<\/section>\n\t\t\t\t<section class=\"elementor-section elementor-inner-section elementor-element elementor-element-24d235c elementor-section-boxed elementor-section-height-default elementor-section-height-default\" data-id=\"24d235c\" data-element_type=\"section\">\n\t\t\t\t\t\t<div class=\"elementor-container elementor-column-gap-default\">\n\t\t\t\t\t<div class=\"elementor-column elementor-col-100 elementor-inner-column elementor-element elementor-element-1e2f7a5\" data-id=\"1e2f7a5\" data-element_type=\"column\">\n\t\t\t<div class=\"elementor-widget-wrap elementor-element-populated\">\n\t\t\t\t\t\t\t\t<div class=\"elementor-element elementor-element-d6a8ee9 elementor-widget elementor-widget-heading\" data-id=\"d6a8ee9\" data-element_type=\"widget\" data-widget_type=\"heading.default\">\n\t\t\t\t<div class=\"elementor-widget-container\">\n\t\t\t<h4 class=\"elementor-heading-title elementor-size-default\">Comment pouvez-vous \u00eatre inform\u00e9 des modifications apport\u00e9es \u00e0 la politique de protection des donn\u00e9es personnelles de Yourvoice?<\/h4>\t\t<\/div>\n\t\t\t\t<\/div>\n\t\t\t\t<div class=\"elementor-element elementor-element-dc39244 elementor-widget elementor-widget-text-editor\" data-id=\"dc39244\" data-element_type=\"widget\" data-widget_type=\"text-editor.default\">\n\t\t\t\t<div class=\"elementor-widget-container\">\n\t\t\t\t\t\t\t\t<\/p>\n<p class=\"texto_align\">YOURVOICE se r\u00e9serve le droit, \u00e0 tout moment, d&rsquo;apporter des r\u00e9ajustements ou des modifications \u00e0 la pr\u00e9sente Politique de Protection des Donn\u00e9es Personnelles, lesquelles modifications seront d\u00fbment publi\u00e9es sur les diff\u00e9rents canaux de communication de YOURVOICE.<\/p>\n\t\t\t\t\t\t<\/div>\n\t\t\t\t<\/div>\n\t\t\t\t\t<\/div>\n\t\t<\/div>\n\t\t\t\t\t\t\t<\/div>\n\t\t<\/section>\n\t\t\t\t\t<\/div>\n\t\t<\/div>\n\t\t\t\t\t\t\t<\/div>\n\t\t<\/section>\n\t\t\t\t<section class=\"elementor-section elementor-top-section elementor-element elementor-element-f9edb50 elementor-section-boxed elementor-section-height-default elementor-section-height-default\" data-id=\"f9edb50\" data-element_type=\"section\" data-settings=\"{&quot;background_background&quot;:&quot;classic&quot;}\">\n\t\t\t\t\t\t<div class=\"elementor-container elementor-column-gap-default\">\n\t\t\t\t\t<div class=\"elementor-column elementor-col-100 elementor-top-column elementor-element elementor-element-64268aa\" data-id=\"64268aa\" data-element_type=\"column\">\n\t\t\t<div class=\"elementor-widget-wrap elementor-element-populated\">\n\t\t\t\t\t\t\t\t<section class=\"elementor-section elementor-inner-section elementor-element elementor-element-eca7957 elementor-section-boxed elementor-section-height-default elementor-section-height-default\" data-id=\"eca7957\" data-element_type=\"section\">\n\t\t\t\t\t\t<div class=\"elementor-container elementor-column-gap-default\">\n\t\t\t\t\t<div class=\"elementor-column elementor-col-100 elementor-inner-column elementor-element elementor-element-d8b3faa\" data-id=\"d8b3faa\" data-element_type=\"column\">\n\t\t\t<div class=\"elementor-widget-wrap elementor-element-populated\">\n\t\t\t\t\t\t\t\t<div class=\"elementor-element elementor-element-40b0068 elementor-widget elementor-widget-heading\" data-id=\"40b0068\" data-element_type=\"widget\" data-widget_type=\"heading.default\">\n\t\t\t\t<div class=\"elementor-widget-container\">\n\t\t\t<h2 class=\"elementor-heading-title elementor-size-default\">Communiquez plus rapidement, efficacement et professionnellement<\/h2>\t\t<\/div>\n\t\t\t\t<\/div>\n\t\t\t\t<div class=\"elementor-element elementor-element-95934e6 elementor-widget elementor-widget-text-editor\" data-id=\"95934e6\" data-element_type=\"widget\" data-widget_type=\"text-editor.default\">\n\t\t\t\t<div class=\"elementor-widget-container\">\n\t\t\t\t\t\t\t\t<p>La communication est fondamentale pour cr\u00e9er et maintenir une relation continue et fid\u00e8le avec les clients. Pour cela, on a d\u00e9velopp\u00e9 des solutions et des instruments de gestion de projet de Contact Center sur mesure pour votre entreprise, afin de vous aider \u00e0 renforcer votre lien avec vos clients.<\/p>\n\t\t\t\t\t\t<\/div>\n\t\t\t\t<\/div>\n\t\t\t\t<div class=\"elementor-element elementor-element-1af0958 elementor-align-center elementor-widget elementor-widget-button\" data-id=\"1af0958\" data-element_type=\"widget\" data-widget_type=\"button.default\">\n\t\t\t\t<div class=\"elementor-widget-container\">\n\t\t\t\t\t<div class=\"elementor-button-wrapper\">\n\t\t\t<a href=\"https:\/\/yourvoice.com.pt\/pt-pt\/contactos\/\" class=\"elementor-button-link elementor-button elementor-size-md\" role=\"button\">\n\t\t\t\t\t\t<span class=\"elementor-button-content-wrapper\">\n\t\t\t\t\t\t<span class=\"elementor-button-text\">Demander Proposition<\/span>\n\t\t<\/span>\n\t\t\t\t\t<\/a>\n\t\t<\/div>\n\t\t\t\t<\/div>\n\t\t\t\t<\/div>\n\t\t\t\t\t<\/div>\n\t\t<\/div>\n\t\t\t\t\t\t\t<\/div>\n\t\t<\/section>\n\t\t\t\t\t<\/div>\n\t\t<\/div>\n\t\t\t\t\t\t\t<\/div>\n\t\t<\/section>\n\t\t\t\t\t\t<\/div>\n\t\t\t\t\t<\/div>\n\t\t","protected":false},"excerpt":{"rendered":"<p>Politique de Confidentialit\u00e9 Qui sommes-nous? La YOURVOICE &#8211; Contact Solutions, Lda. (\u00ab\u00a0YOURVOICE\u00a0\u00bb), est une soci\u00e9t\u00e9 qui op\u00e8re dans le domaine des contact centers. YOURVOICE s&rsquo;engage \u00e0 prot\u00e9ger les donn\u00e9es personnelles de ses propri\u00e9taires dans toutes les situations dans lesquelles YOURVOICE traite ces donn\u00e9es et, dans ce contexte, a \u00e9labor\u00e9 la pr\u00e9sente Politique, qui a pour&hellip; <a class=\"more-link\" href=\"https:\/\/yourvoice.com.pt\/fr\/politique-de-confidentialite\/\">Poursuivre la lecture <span class=\"screen-reader-text\">Politique de Confidentialit\u00e9<\/span><\/a><\/p>\n","protected":false},"author":1,"featured_media":0,"parent":0,"menu_order":0,"comment_status":"closed","ping_status":"closed","template":"elementor_header_footer","meta":[],"yoast_head":"<!-- This site is optimized with the Yoast SEO Premium plugin v16.3 (Yoast SEO v18.4.1) - https:\/\/yoast.com\/wordpress\/plugins\/seo\/ -->\n<title>Politique de Confidentialit\u00e9 | YOURVOICE<\/title>\n<meta name=\"description\" content=\"YOURVOICE s&#039;engage \u00e0 prot\u00e9ger les donn\u00e9es personnelles de ses propri\u00e9taires dans toutes les situations dans lesquelles YOURVOICE traite ces donn\u00e9es.\" \/>\n<meta name=\"robots\" content=\"index, follow, max-snippet:-1, max-image-preview:large, max-video-preview:-1\" \/>\n<link rel=\"canonical\" href=\"https:\/\/yourvoice.com.pt\/fr\/politique-de-confidentialite\/\" \/>\n<meta property=\"og:locale\" content=\"fr_FR\" \/>\n<meta property=\"og:type\" content=\"article\" \/>\n<meta property=\"og:title\" content=\"Politique de Confidentialit\u00e9 | YOURVOICE\" \/>\n<meta property=\"og:description\" content=\"YOURVOICE s&#039;engage \u00e0 prot\u00e9ger les donn\u00e9es personnelles de ses propri\u00e9taires dans toutes les situations dans lesquelles YOURVOICE traite ces donn\u00e9es.\" \/>\n<meta property=\"og:url\" content=\"https:\/\/yourvoice.com.pt\/fr\/politique-de-confidentialite\/\" \/>\n<meta property=\"og:site_name\" content=\"YourVoice Contact Solution\" \/>\n<meta property=\"article:publisher\" content=\"https:\/\/www.facebook.com\/yourvoiceportugal\/\" \/>\n<meta property=\"article:modified_time\" content=\"2021-11-12T09:46:58+00:00\" \/>\n<meta name=\"twitter:card\" content=\"summary_large_image\" \/>\n<meta name=\"twitter:label1\" content=\"Dur\u00e9e de lecture estim\u00e9e\" \/>\n\t<meta name=\"twitter:data1\" content=\"10 minutes\" \/>\n<script type=\"application\/ld+json\" class=\"yoast-schema-graph\">{\"@context\":\"https:\/\/schema.org\",\"@graph\":[{\"@type\":\"Organization\",\"@id\":\"https:\/\/yourvoice.com.pt\/pt-pt\/#organization\",\"name\":\"YOURVOICE Contact Solutions\",\"url\":\"https:\/\/yourvoice.com.pt\/pt-pt\/\",\"sameAs\":[\"https:\/\/www.facebook.com\/yourvoiceportugal\/\",\"https:\/\/www.instagram.com\/yourvoice_pt\/\",\"https:\/\/www.linkedin.com\/company\/yourvoice\/\"],\"logo\":{\"@type\":\"ImageObject\",\"@id\":\"https:\/\/yourvoice.com.pt\/pt-pt\/#logo\",\"inLanguage\":\"fr-FR\",\"url\":\"https:\/\/yourvoice.com.pt\/wp-content\/uploads\/2021\/07\/yv-logo-color.png\",\"contentUrl\":\"https:\/\/yourvoice.com.pt\/wp-content\/uploads\/2021\/07\/yv-logo-color.png\",\"width\":320,\"height\":82,\"caption\":\"YOURVOICE Contact Solutions\"},\"image\":{\"@id\":\"https:\/\/yourvoice.com.pt\/pt-pt\/#logo\"}},{\"@type\":\"WebSite\",\"@id\":\"https:\/\/yourvoice.com.pt\/pt-pt\/#website\",\"url\":\"https:\/\/yourvoice.com.pt\/pt-pt\/\",\"name\":\"YourVoice Contact Solution\",\"description\":\"Solu\u00e7\u00f5es de Call Center, Telemarketing e Teleperformance\",\"publisher\":{\"@id\":\"https:\/\/yourvoice.com.pt\/pt-pt\/#organization\"},\"potentialAction\":[{\"@type\":\"SearchAction\",\"target\":{\"@type\":\"EntryPoint\",\"urlTemplate\":\"https:\/\/yourvoice.com.pt\/pt-pt\/?s={search_term_string}\"},\"query-input\":\"required name=search_term_string\"}],\"inLanguage\":\"fr-FR\"},{\"@type\":\"WebPage\",\"@id\":\"https:\/\/yourvoice.com.pt\/fr\/politique-de-confidentialite\/#webpage\",\"url\":\"https:\/\/yourvoice.com.pt\/fr\/politique-de-confidentialite\/\",\"name\":\"Politique de Confidentialit\u00e9 | YOURVOICE\",\"isPartOf\":{\"@id\":\"https:\/\/yourvoice.com.pt\/pt-pt\/#website\"},\"datePublished\":\"2021-11-12T09:46:56+00:00\",\"dateModified\":\"2021-11-12T09:46:58+00:00\",\"description\":\"YOURVOICE s'engage \u00e0 prot\u00e9ger les donn\u00e9es personnelles de ses propri\u00e9taires dans toutes les situations dans lesquelles YOURVOICE traite ces donn\u00e9es.\",\"breadcrumb\":{\"@id\":\"https:\/\/yourvoice.com.pt\/fr\/politique-de-confidentialite\/#breadcrumb\"},\"inLanguage\":\"fr-FR\",\"potentialAction\":[{\"@type\":\"ReadAction\",\"target\":[\"https:\/\/yourvoice.com.pt\/fr\/politique-de-confidentialite\/\"]}]},{\"@type\":\"BreadcrumbList\",\"@id\":\"https:\/\/yourvoice.com.pt\/fr\/politique-de-confidentialite\/#breadcrumb\",\"itemListElement\":[{\"@type\":\"ListItem\",\"position\":1,\"name\":\"Home\",\"item\":\"https:\/\/yourvoice.com.pt\/fr\/\"},{\"@type\":\"ListItem\",\"position\":2,\"name\":\"Politique de Confidentialit\u00e9\"}]}]}<\/script>\n<!-- \/ Yoast SEO Premium plugin. -->","yoast_head_json":{"title":"Politique de Confidentialit\u00e9 | YOURVOICE","description":"YOURVOICE s'engage \u00e0 prot\u00e9ger les donn\u00e9es personnelles de ses propri\u00e9taires dans toutes les situations dans lesquelles YOURVOICE traite ces donn\u00e9es.","robots":{"index":"index","follow":"follow","max-snippet":"max-snippet:-1","max-image-preview":"max-image-preview:large","max-video-preview":"max-video-preview:-1"},"canonical":"https:\/\/yourvoice.com.pt\/fr\/politique-de-confidentialite\/","og_locale":"fr_FR","og_type":"article","og_title":"Politique de Confidentialit\u00e9 | YOURVOICE","og_description":"YOURVOICE s'engage \u00e0 prot\u00e9ger les donn\u00e9es personnelles de ses propri\u00e9taires dans toutes les situations dans lesquelles YOURVOICE traite ces donn\u00e9es.","og_url":"https:\/\/yourvoice.com.pt\/fr\/politique-de-confidentialite\/","og_site_name":"YourVoice Contact Solution","article_publisher":"https:\/\/www.facebook.com\/yourvoiceportugal\/","article_modified_time":"2021-11-12T09:46:58+00:00","twitter_card":"summary_large_image","twitter_misc":{"Dur\u00e9e de lecture estim\u00e9e":"10 minutes"},"schema":{"@context":"https:\/\/schema.org","@graph":[{"@type":"Organization","@id":"https:\/\/yourvoice.com.pt\/pt-pt\/#organization","name":"YOURVOICE Contact Solutions","url":"https:\/\/yourvoice.com.pt\/pt-pt\/","sameAs":["https:\/\/www.facebook.com\/yourvoiceportugal\/","https:\/\/www.instagram.com\/yourvoice_pt\/","https:\/\/www.linkedin.com\/company\/yourvoice\/"],"logo":{"@type":"ImageObject","@id":"https:\/\/yourvoice.com.pt\/pt-pt\/#logo","inLanguage":"fr-FR","url":"https:\/\/yourvoice.com.pt\/wp-content\/uploads\/2021\/07\/yv-logo-color.png","contentUrl":"https:\/\/yourvoice.com.pt\/wp-content\/uploads\/2021\/07\/yv-logo-color.png","width":320,"height":82,"caption":"YOURVOICE Contact Solutions"},"image":{"@id":"https:\/\/yourvoice.com.pt\/pt-pt\/#logo"}},{"@type":"WebSite","@id":"https:\/\/yourvoice.com.pt\/pt-pt\/#website","url":"https:\/\/yourvoice.com.pt\/pt-pt\/","name":"YourVoice Contact Solution","description":"Solu\u00e7\u00f5es de Call Center, Telemarketing e Teleperformance","publisher":{"@id":"https:\/\/yourvoice.com.pt\/pt-pt\/#organization"},"potentialAction":[{"@type":"SearchAction","target":{"@type":"EntryPoint","urlTemplate":"https:\/\/yourvoice.com.pt\/pt-pt\/?s={search_term_string}"},"query-input":"required name=search_term_string"}],"inLanguage":"fr-FR"},{"@type":"WebPage","@id":"https:\/\/yourvoice.com.pt\/fr\/politique-de-confidentialite\/#webpage","url":"https:\/\/yourvoice.com.pt\/fr\/politique-de-confidentialite\/","name":"Politique de Confidentialit\u00e9 | YOURVOICE","isPartOf":{"@id":"https:\/\/yourvoice.com.pt\/pt-pt\/#website"},"datePublished":"2021-11-12T09:46:56+00:00","dateModified":"2021-11-12T09:46:58+00:00","description":"YOURVOICE s'engage \u00e0 prot\u00e9ger les donn\u00e9es personnelles de ses propri\u00e9taires dans toutes les situations dans lesquelles YOURVOICE traite ces donn\u00e9es.","breadcrumb":{"@id":"https:\/\/yourvoice.com.pt\/fr\/politique-de-confidentialite\/#breadcrumb"},"inLanguage":"fr-FR","potentialAction":[{"@type":"ReadAction","target":["https:\/\/yourvoice.com.pt\/fr\/politique-de-confidentialite\/"]}]},{"@type":"BreadcrumbList","@id":"https:\/\/yourvoice.com.pt\/fr\/politique-de-confidentialite\/#breadcrumb","itemListElement":[{"@type":"ListItem","position":1,"name":"Home","item":"https:\/\/yourvoice.com.pt\/fr\/"},{"@type":"ListItem","position":2,"name":"Politique de Confidentialit\u00e9"}]}]}},"_links":{"self":[{"href":"https:\/\/yourvoice.com.pt\/fr\/wp-json\/wp\/v2\/pages\/1509"}],"collection":[{"href":"https:\/\/yourvoice.com.pt\/fr\/wp-json\/wp\/v2\/pages"}],"about":[{"href":"https:\/\/yourvoice.com.pt\/fr\/wp-json\/wp\/v2\/types\/page"}],"author":[{"embeddable":true,"href":"https:\/\/yourvoice.com.pt\/fr\/wp-json\/wp\/v2\/users\/1"}],"replies":[{"embeddable":true,"href":"https:\/\/yourvoice.com.pt\/fr\/wp-json\/wp\/v2\/comments?post=1509"}],"version-history":[{"count":1,"href":"https:\/\/yourvoice.com.pt\/fr\/wp-json\/wp\/v2\/pages\/1509\/revisions"}],"predecessor-version":[{"id":1510,"href":"https:\/\/yourvoice.com.pt\/fr\/wp-json\/wp\/v2\/pages\/1509\/revisions\/1510"}],"wp:attachment":[{"href":"https:\/\/yourvoice.com.pt\/fr\/wp-json\/wp\/v2\/media?parent=1509"}],"curies":[{"name":"wp","href":"https:\/\/api.w.org\/{rel}","templated":true}]}}